{"id":21539,"date":"2020-03-09T22:17:11","date_gmt":"2020-03-09T22:17:11","guid":{"rendered":"https:\/\/senegalndiaye.com\/?post_type=job_listing&#038;p=21539"},"modified":"2020-06-22T19:37:09","modified_gmt":"2020-06-22T19:37:09","slug":"garden-terrace-dakar","status":"publish","type":"job_listing","link":"https:\/\/senegalndiaye.com\/tr\/listings\/garden-terrace-dakar\/","title":{"rendered":"Bah\u00e7e teras\u0131 Dakar"},"content":{"rendered":"<p><span lang=\"FR\">\u015eehir merkezinde bulun, <a href=\"https:\/\/senegalndiaye.com\/tr\/restaurants\/\">restoran<\/a> Arkada\u015flar\u0131n\u0131z veya ailenizle rahatlama anlar\u0131n\u0131z i\u00e7in Garden Terrace. G\u00fcler y\u00fczl\u00fc \u00e7al\u0131\u015fanlar\u0131 ile s\u0131cak ve temiz bir mekan, birden fazla ki\u015finin kendini rahat hissetti\u011fi bir mekan. Mutfak i\u00e7in \u00e7ocuk form\u00fclleriyle ba\u015ftan \u00e7\u0131kar\u0131c\u0131 bir men\u00fc<b>, sen<\/b>zevkli bistronomi <b><\/b>Ho\u015f s\u00fcrpriz<b>. <\/b>\u0130lk \u00f6nce g\u00fcn\u00fcn men\u00fcs\u00fc <b><\/b>20.000 fcfa&#039;dan daha d\u00fc\u015f\u00fck bir ba\u015flang\u0131\u00e7, bir ana yemek ve bir tatl\u0131dan olu\u015fur. Hala men\u00fcde, 7000 fcfa&#039;dan daha d\u00fc\u015f\u00fck ba\u015flang\u0131\u00e7lar, \u00e7ocuk men\u00fcs\u00fc, s\u00fcslenmi\u015f salatalar ve gurme tatl\u0131lar var. Arkada\u015flar\u0131n\u0131zla birlikteyseniz, fast food, makarna veya iyi somon veya ton bal\u0131kl\u0131 simit se\u00e7imi bir zorunluluktur. Ve burada onlar\u0131n temel burgerini \u00f6neriyoruz, ger\u00e7ek bir zevk. Ev, Dakar&#039;da, Rue Mouss\u00e9 Diop&#039;ta bulunuyor ve pazartesiden cumartesiye servisleri sabah 8&#039;den ak\u015fam 6&#039;ya kadar ba\u015fl\u0131yor. Bah\u00e7eye 33 842 90 02 numaral\u0131 telefondan ula\u015f\u0131labilir ve internet sitesi vard\u0131r. <\/span><span lang=\"FR\"><a href=\"http:\/\/www.garden.sn\/\">www.bah\u00e7e.sn<\/a><\/span><span lang=\"FR\">. Bir g\u00f6z at\u0131n ve izlenimleriniz i\u00e7in bize geri d\u00f6n\u00fcn.<\/span><\/p>\n<p>Instagram: <a href=\"https:\/\/www.instagram.com\/gardenterrace.dkr\/?hl=fr\">@gardenterrace.dkr<\/a><\/p>","protected":false},"featured_media":22054,"comment_status":"open","ping_status":"closed","template":"","meta":{"_promoted":"","_job_location":"Rue Mouss\u00e9 Diop, Dakar","_company_website":"","_company_tagline":"","_company_twitter":"","_filled":0,"_featured":0,"_remote_position":0,"_job_salary":"","_job_salary_currency":"","_job_salary_unit":""},"job-categories":[284,60],"job_listing_tag":[],"class_list":["post-21539","job_listing","type-job_listing","status-publish","has-post-thumbnail","hentry","job_listing_category-cuisine-francaise","job_listing_category-restaurants"],"yoast_head":"<!-- This site is optimized with the Yoast SEO plugin v27.5 - https:\/\/yoast.com\/product\/yoast-seo-wordpress\/ -->\n<title>Garden terrace Dakar - Restaurant avis, Menu,Photos &#187; Senegal Ndiaye<\/title>\n<meta name=\"description\" content=\"Retrouvez au centre-ville, le restaurant la Garden Terrace pour vos moments de d\u00e9tente entre amis ou en famille\" \/>\n<meta name=\"robots\" content=\"index, follow, max-snippet:-1, max-image-preview:large, max-video-preview:-1\" \/>\n<link rel=\"canonical\" href=\"https:\/\/senegalndiaye.com\/tr\/listings\/garden-terrace-dakar\/\" \/>\n<meta property=\"og:locale\" content=\"tr_TR\" \/>\n<meta property=\"og:type\" content=\"article\" \/>\n<meta property=\"og:title\" content=\"Garden terrace Dakar - Restaurant avis, Menu,Photos &#187; Senegal Ndiaye\" \/>\n<meta property=\"og:description\" content=\"Retrouvez au centre-ville, le restaurant la Garden Terrace pour vos moments de d\u00e9tente entre amis ou en famille\" \/>\n<meta property=\"og:url\" content=\"https:\/\/senegalndiaye.com\/tr\/listings\/garden-terrace-dakar\/\" \/>\n<meta property=\"og:site_name\" content=\"Senegal Ndiaye\" \/>\n<meta property=\"article:publisher\" content=\"https:\/\/www.facebook.com\/senegalndiaye4\/\" \/>\n<meta property=\"article:modified_time\" content=\"2020-06-22T19:37:09+00:00\" \/>\n<meta property=\"og:image\" content=\"https:\/\/senegalndiaye.com\/wp-content\/uploads\/2020\/03\/garden-terrace4.jpg\" \/>\n\t<meta property=\"og:image:width\" content=\"1080\" \/>\n\t<meta property=\"og:image:height\" content=\"1078\" \/>\n\t<meta property=\"og:image:type\" content=\"image\/jpeg\" \/>\n<meta name=\"twitter:card\" content=\"summary_large_image\" \/>\n<meta name=\"twitter:site\" content=\"@Senegalndiaye5\" \/>\n<meta name=\"twitter:label1\" content=\"Tahmini okuma s\u00fcresi\" \/>\n\t<meta name=\"twitter:data1\" content=\"1 dakika\" \/>\n<script type=\"application\/ld+json\" class=\"yoast-schema-graph\">{\"@context\":\"https:\\\/\\\/schema.org\",\"@graph\":[{\"@type\":\"WebPage\",\"@id\":\"https:\\\/\\\/senegalndiaye.com\\\/listings\\\/garden-terrace-dakar\\\/\",\"url\":\"https:\\\/\\\/senegalndiaye.com\\\/listings\\\/garden-terrace-dakar\\\/\",\"name\":\"Garden terrace Dakar - Restaurant avis, Menu,Photos &#187; Senegal Ndiaye\",\"isPartOf\":{\"@id\":\"https:\\\/\\\/senegalndiaye.com\\\/#website\"},\"primaryImageOfPage\":{\"@id\":\"https:\\\/\\\/senegalndiaye.com\\\/listings\\\/garden-terrace-dakar\\\/#primaryimage\"},\"image\":{\"@id\":\"https:\\\/\\\/senegalndiaye.com\\\/listings\\\/garden-terrace-dakar\\\/#primaryimage\"},\"thumbnailUrl\":\"https:\\\/\\\/i0.wp.com\\\/senegalndiaye.com\\\/wp-content\\\/uploads\\\/2020\\\/03\\\/garden-terrace4.jpg?fit=1080%2C1078&ssl=1\",\"datePublished\":\"2020-03-09T22:17:11+00:00\",\"dateModified\":\"2020-06-22T19:37:09+00:00\",\"description\":\"Retrouvez au centre-ville, le restaurant la Garden Terrace pour vos moments de d\u00e9tente entre amis ou en famille\",\"breadcrumb\":{\"@id\":\"https:\\\/\\\/senegalndiaye.com\\\/listings\\\/garden-terrace-dakar\\\/#breadcrumb\"},\"inLanguage\":\"tr\",\"potentialAction\":[{\"@type\":\"ReadAction\",\"target\":[\"https:\\\/\\\/senegalndiaye.com\\\/listings\\\/garden-terrace-dakar\\\/\"]}]},{\"@type\":\"ImageObject\",\"inLanguage\":\"tr\",\"@id\":\"https:\\\/\\\/senegalndiaye.com\\\/listings\\\/garden-terrace-dakar\\\/#primaryimage\",\"url\":\"https:\\\/\\\/i0.wp.com\\\/senegalndiaye.com\\\/wp-content\\\/uploads\\\/2020\\\/03\\\/garden-terrace4.jpg?fit=1080%2C1078&ssl=1\",\"contentUrl\":\"https:\\\/\\\/i0.wp.com\\\/senegalndiaye.com\\\/wp-content\\\/uploads\\\/2020\\\/03\\\/garden-terrace4.jpg?fit=1080%2C1078&ssl=1\",\"width\":1080,\"height\":1078,\"caption\":\"Garden terrace\"},{\"@type\":\"BreadcrumbList\",\"@id\":\"https:\\\/\\\/senegalndiaye.com\\\/listings\\\/garden-terrace-dakar\\\/#breadcrumb\",\"itemListElement\":[{\"@type\":\"ListItem\",\"position\":1,\"name\":\"Accueil\",\"item\":\"https:\\\/\\\/senegalndiaye.com\\\/\"},{\"@type\":\"ListItem\",\"position\":2,\"name\":\"Lieux\",\"item\":\"https:\\\/\\\/senegalndiaye.com\\\/tous-les-lieux\\\/\"},{\"@type\":\"ListItem\",\"position\":3,\"name\":\"Garden terrace Dakar\"}]},{\"@type\":\"WebSite\",\"@id\":\"https:\\\/\\\/senegalndiaye.com\\\/#website\",\"url\":\"https:\\\/\\\/senegalndiaye.com\\\/\",\"name\":\"Senegal Ndiaye\",\"description\":\"Retrouvez les meilleurs endroits du S\u00e9n\u00e9gal\",\"publisher\":{\"@id\":\"https:\\\/\\\/senegalndiaye.com\\\/#organization\"},\"potentialAction\":[{\"@type\":\"SearchAction\",\"target\":{\"@type\":\"EntryPoint\",\"urlTemplate\":\"https:\\\/\\\/senegalndiaye.com\\\/?s={search_term_string}\"},\"query-input\":{\"@type\":\"PropertyValueSpecification\",\"valueRequired\":true,\"valueName\":\"search_term_string\"}}],\"inLanguage\":\"tr\"},{\"@type\":\"Organization\",\"@id\":\"https:\\\/\\\/senegalndiaye.com\\\/#organization\",\"name\":\"Senegal Ndiaye\",\"url\":\"https:\\\/\\\/senegalndiaye.com\\\/\",\"logo\":{\"@type\":\"ImageObject\",\"inLanguage\":\"tr\",\"@id\":\"https:\\\/\\\/senegalndiaye.com\\\/#\\\/schema\\\/logo\\\/image\\\/\",\"url\":\"https:\\\/\\\/senegalndiaye.com\\\/wp-content\\\/uploads\\\/2018\\\/05\\\/senegalndiaye_logo.png\",\"contentUrl\":\"https:\\\/\\\/senegalndiaye.com\\\/wp-content\\\/uploads\\\/2018\\\/05\\\/senegalndiaye_logo.png\",\"width\":150,\"height\":106,\"caption\":\"Senegal Ndiaye\"},\"image\":{\"@id\":\"https:\\\/\\\/senegalndiaye.com\\\/#\\\/schema\\\/logo\\\/image\\\/\"},\"sameAs\":[\"https:\\\/\\\/www.facebook.com\\\/senegalndiaye4\\\/\",\"https:\\\/\\\/x.com\\\/Senegalndiaye5\",\"https:\\\/\\\/www.instagram.com\\\/senegalndiaye1\\\/\",\"https:\\\/\\\/www.linkedin.com\\\/company\\\/senegal-ndiaye\\\/\"]}]}<\/script>\n<!-- \/ Yoast SEO plugin. -->","yoast_head_json":{"title":"Garden Terrace Dakar - Restoran Yorumlar\u0131, Men\u00fc, Foto\u011fraflar \u00bb Senegal Ndiaye","description":"Arkada\u015flar\u0131n\u0131z veya ailenizle rahatlama anlar\u0131n\u0131z i\u00e7in \u015fehir merkezindeki Garden Terrace restoran\u0131n\u0131 bulun","robots":{"index":"index","follow":"follow","max-snippet":"max-snippet:-1","max-image-preview":"max-image-preview:large","max-video-preview":"max-video-preview:-1"},"canonical":"https:\/\/senegalndiaye.com\/tr\/listings\/garden-terrace-dakar\/","og_locale":"tr_TR","og_type":"article","og_title":"Garden terrace Dakar - Restaurant avis, Menu,Photos &#187; Senegal Ndiaye","og_description":"Retrouvez au centre-ville, le restaurant la Garden Terrace pour vos moments de d\u00e9tente entre amis ou en famille","og_url":"https:\/\/senegalndiaye.com\/tr\/listings\/garden-terrace-dakar\/","og_site_name":"Senegal Ndiaye","article_publisher":"https:\/\/www.facebook.com\/senegalndiaye4\/","article_modified_time":"2020-06-22T19:37:09+00:00","og_image":[{"width":1080,"height":1078,"url":"https:\/\/senegalndiaye.com\/wp-content\/uploads\/2020\/03\/garden-terrace4.jpg","type":"image\/jpeg"}],"twitter_card":"summary_large_image","twitter_site":"@Senegalndiaye5","twitter_misc":{"Tahmini okuma s\u00fcresi":"1 dakika"},"schema":{"@context":"https:\/\/schema.org","@graph":[{"@type":"WebPage","@id":"https:\/\/senegalndiaye.com\/listings\/garden-terrace-dakar\/","url":"https:\/\/senegalndiaye.com\/listings\/garden-terrace-dakar\/","name":"Garden Terrace Dakar - Restoran Yorumlar\u0131, Men\u00fc, Foto\u011fraflar \u00bb Senegal Ndiaye","isPartOf":{"@id":"https:\/\/senegalndiaye.com\/#website"},"primaryImageOfPage":{"@id":"https:\/\/senegalndiaye.com\/listings\/garden-terrace-dakar\/#primaryimage"},"image":{"@id":"https:\/\/senegalndiaye.com\/listings\/garden-terrace-dakar\/#primaryimage"},"thumbnailUrl":"https:\/\/i0.wp.com\/senegalndiaye.com\/wp-content\/uploads\/2020\/03\/garden-terrace4.jpg?fit=1080%2C1078&ssl=1","datePublished":"2020-03-09T22:17:11+00:00","dateModified":"2020-06-22T19:37:09+00:00","description":"Arkada\u015flar\u0131n\u0131z veya ailenizle rahatlama anlar\u0131n\u0131z i\u00e7in \u015fehir merkezindeki Garden Terrace restoran\u0131n\u0131 bulun","breadcrumb":{"@id":"https:\/\/senegalndiaye.com\/listings\/garden-terrace-dakar\/#breadcrumb"},"inLanguage":"tr","potentialAction":[{"@type":"ReadAction","target":["https:\/\/senegalndiaye.com\/listings\/garden-terrace-dakar\/"]}]},{"@type":"ImageObject","inLanguage":"tr","@id":"https:\/\/senegalndiaye.com\/listings\/garden-terrace-dakar\/#primaryimage","url":"https:\/\/i0.wp.com\/senegalndiaye.com\/wp-content\/uploads\/2020\/03\/garden-terrace4.jpg?fit=1080%2C1078&ssl=1","contentUrl":"https:\/\/i0.wp.com\/senegalndiaye.com\/wp-content\/uploads\/2020\/03\/garden-terrace4.jpg?fit=1080%2C1078&ssl=1","width":1080,"height":1078,"caption":"Garden terrace"},{"@type":"BreadcrumbList","@id":"https:\/\/senegalndiaye.com\/listings\/garden-terrace-dakar\/#breadcrumb","itemListElement":[{"@type":"ListItem","position":1,"name":"Accueil","item":"https:\/\/senegalndiaye.com\/"},{"@type":"ListItem","position":2,"name":"Lieux","item":"https:\/\/senegalndiaye.com\/tous-les-lieux\/"},{"@type":"ListItem","position":3,"name":"Garden terrace Dakar"}]},{"@type":"WebSite","@id":"https:\/\/senegalndiaye.com\/#website","url":"https:\/\/senegalndiaye.com\/","name":"Senegal Ndiaye","description":"Senegal&#039;deki en iyi yerleri bulun","publisher":{"@id":"https:\/\/senegalndiaye.com\/#organization"},"potentialAction":[{"@type":"SearchAction","target":{"@type":"EntryPoint","urlTemplate":"https:\/\/senegalndiaye.com\/?s={search_term_string}"},"query-input":{"@type":"PropertyValueSpecification","valueRequired":true,"valueName":"search_term_string"}}],"inLanguage":"tr"},{"@type":"Organization","@id":"https:\/\/senegalndiaye.com\/#organization","name":"Senegal Ndiaye","url":"https:\/\/senegalndiaye.com\/","logo":{"@type":"ImageObject","inLanguage":"tr","@id":"https:\/\/senegalndiaye.com\/#\/schema\/logo\/image\/","url":"https:\/\/senegalndiaye.com\/wp-content\/uploads\/2018\/05\/senegalndiaye_logo.png","contentUrl":"https:\/\/senegalndiaye.com\/wp-content\/uploads\/2018\/05\/senegalndiaye_logo.png","width":150,"height":106,"caption":"Senegal Ndiaye"},"image":{"@id":"https:\/\/senegalndiaye.com\/#\/schema\/logo\/image\/"},"sameAs":["https:\/\/www.facebook.com\/senegalndiaye4\/","https:\/\/x.com\/Senegalndiaye5","https:\/\/www.instagram.com\/senegalndiaye1\/","https:\/\/www.linkedin.com\/company\/senegal-ndiaye\/"]}]}},"jetpack_sharing_enabled":true,"_links":{"self":[{"href":"https:\/\/senegalndiaye.com\/tr\/wp-json\/wp\/v2\/job-listings\/21539","targetHints":{"allow":["GET"]}}],"collection":[{"href":"https:\/\/senegalndiaye.com\/tr\/wp-json\/wp\/v2\/job-listings"}],"about":[{"href":"https:\/\/senegalndiaye.com\/tr\/wp-json\/wp\/v2\/types\/job_listing"}],"replies":[{"embeddable":true,"href":"https:\/\/senegalndiaye.com\/tr\/wp-json\/wp\/v2\/comments?post=21539"}],"wp:featuredmedia":[{"embeddable":true,"href":"https:\/\/senegalndiaye.com\/tr\/wp-json\/wp\/v2\/media\/22054"}],"wp:attachment":[{"href":"https:\/\/senegalndiaye.com\/tr\/wp-json\/wp\/v2\/media?parent=21539"}],"wp:term":[{"taxonomy":"job_listing_category","embeddable":true,"href":"https:\/\/senegalndiaye.com\/tr\/wp-json\/wp\/v2\/job-categories?post=21539"},{"taxonomy":"job_listing_tag","embeddable":true,"href":"https:\/\/senegalndiaye.com\/tr\/wp-json\/wp\/v2\/job_listing_tag?post=21539"}],"curies":[{"name":"wp","href":"https:\/\/api.w.org\/{rel}","templated":true}]}}