{"id":20348,"date":"2018-08-09T13:06:57","date_gmt":"2018-08-09T13:06:57","guid":{"rendered":"https:\/\/senegalndiaye.com\/?post_type=job_listing&#038;p=20348"},"modified":"2018-08-09T13:08:50","modified_gmt":"2018-08-09T13:08:50","slug":"la-gallerie-antenna-dakar","status":"publish","type":"job_listing","link":"https:\/\/senegalndiaye.com\/tr\/listings\/la-gallerie-antenna-dakar\/","title":{"rendered":"Anten Dakar galerisi"},"content":{"rendered":"<p>Afrika nesnelerinin \u00e7ok g\u00fczel bir se\u00e7imi, \u00f6zellikle heykeller, ayn\u0131 zamanda resimler ve \u00e7e\u015fitli nesneler. Patron m\u00fcsait ve arkada\u015f canl\u0131s\u0131. Afrika sanat\u0131n\u0131 seviyorsan\u0131z veya onu deneyimlemek istiyorsan\u0131z ziyaret etmeniz gereken bir yer. Yerel ve alt b\u00f6lgesel sanat\u00e7\u0131lara ait \u00e7ok say\u0131da heykel ve resim. Bienal s\u00fcresince sergi salonu olarak da hizmet veren galeri, ilgiyi daha da art\u0131rd\u0131. Sahibi size eserlerin ve sanat\u00e7\u0131lar\u0131n\u0131n k\u00fc\u00e7\u00fck ve b\u00fcy\u00fck hikayesini anlatacak. Fiyatlar bazen y\u00fcksek g\u00f6r\u00fcnebilir, ancak g\u00fczeldir ve sevdi\u011finizde teredd\u00fct etmeden \u00f6deme yapmaktan mutluluk duyars\u0131n\u0131z. Her \u015fey var, en az\u0131ndan g\u00f6z zevki ve personelin bilgili tavsiyesi i\u00e7in. En b\u00fcy\u00fck Senegalli sanat\u00e7\u0131lar\u0131n muhte\u015fem tablolar\u0131n\u0131, antik incilerdeki Afrika m\u00fccevherlerini, muhte\u015fem bronzlar\u0131, eski maskeleri, rit\u00fcel tam-tamlar\u0131 sunar.<\/p>\n<p><strong>Adres<\/strong><strong>\u00a0:\u00a0<\/strong><strong>9, Rue Felix Faure, Dakar<\/strong><\/p>\n<p><strong>Telefon<\/strong><strong>\u00a0:\u00a0<\/strong><strong>33 822 17 51<\/strong><\/p>","protected":false},"featured_media":20350,"comment_status":"open","ping_status":"closed","template":"","meta":{"_promoted":"","_job_location":"9, Rue Felix Faure, Dakar","_company_website":"","_company_tagline":"","_company_twitter":"","_filled":0,"_featured":0,"_remote_position":0,"_job_salary":"","_job_salary_currency":"","_job_salary_unit":""},"job-categories":[31],"job_listing_tag":[],"class_list":["post-20348","job_listing","type-job_listing","status-publish","has-post-thumbnail","hentry","job_listing_category-arts-culture"],"yoast_head":"<!-- This site is optimized with the Yoast SEO plugin v27.5 - https:\/\/yoast.com\/product\/yoast-seo-wordpress\/ -->\n<title>La gallerie Antenna Dakar &#187; Senegal Ndiaye<\/title>\n<meta name=\"description\" content=\"La gallerie Antenna Dakar : Tr\u00e8s beau choix d&#039;objets africains, sculptures principalement mais \u00e9galement peintures et objets divers. Le Patron est disponible et sympathique\" \/>\n<meta name=\"robots\" content=\"index, follow, max-snippet:-1, max-image-preview:large, max-video-preview:-1\" \/>\n<link rel=\"canonical\" href=\"https:\/\/senegalndiaye.com\/tr\/listings\/la-gallerie-antenna-dakar\/\" \/>\n<meta property=\"og:locale\" content=\"tr_TR\" \/>\n<meta property=\"og:type\" content=\"article\" \/>\n<meta property=\"og:title\" content=\"La gallerie Antenna Dakar &#187; Senegal Ndiaye\" \/>\n<meta property=\"og:description\" content=\"La gallerie Antenna Dakar : Tr\u00e8s beau choix d&#039;objets africains, sculptures principalement mais \u00e9galement peintures et objets divers. Le Patron est disponible et sympathique\" \/>\n<meta property=\"og:url\" content=\"https:\/\/senegalndiaye.com\/tr\/listings\/la-gallerie-antenna-dakar\/\" \/>\n<meta property=\"og:site_name\" content=\"Senegal Ndiaye\" \/>\n<meta property=\"article:publisher\" content=\"https:\/\/www.facebook.com\/senegalndiaye4\/\" \/>\n<meta property=\"article:modified_time\" content=\"2018-08-09T13:08:50+00:00\" \/>\n<meta property=\"og:image\" content=\"https:\/\/senegalndiaye.com\/wp-content\/uploads\/2018\/08\/antenna2.jpg\" \/>\n\t<meta property=\"og:image:width\" content=\"663\" \/>\n\t<meta property=\"og:image:height\" content=\"450\" \/>\n\t<meta property=\"og:image:type\" content=\"image\/jpeg\" \/>\n<meta name=\"twitter:card\" content=\"summary_large_image\" \/>\n<meta name=\"twitter:site\" content=\"@Senegalndiaye5\" \/>\n<meta name=\"twitter:label1\" content=\"Tahmini okuma s\u00fcresi\" \/>\n\t<meta name=\"twitter:data1\" content=\"1 dakika\" \/>\n<script type=\"application\/ld+json\" class=\"yoast-schema-graph\">{\"@context\":\"https:\\\/\\\/schema.org\",\"@graph\":[{\"@type\":\"WebPage\",\"@id\":\"https:\\\/\\\/senegalndiaye.com\\\/listings\\\/la-gallerie-antenna-dakar\\\/\",\"url\":\"https:\\\/\\\/senegalndiaye.com\\\/listings\\\/la-gallerie-antenna-dakar\\\/\",\"name\":\"La gallerie Antenna Dakar &#187; Senegal Ndiaye\",\"isPartOf\":{\"@id\":\"https:\\\/\\\/senegalndiaye.com\\\/#website\"},\"primaryImageOfPage\":{\"@id\":\"https:\\\/\\\/senegalndiaye.com\\\/listings\\\/la-gallerie-antenna-dakar\\\/#primaryimage\"},\"image\":{\"@id\":\"https:\\\/\\\/senegalndiaye.com\\\/listings\\\/la-gallerie-antenna-dakar\\\/#primaryimage\"},\"thumbnailUrl\":\"https:\\\/\\\/i0.wp.com\\\/senegalndiaye.com\\\/wp-content\\\/uploads\\\/2018\\\/08\\\/antenna2.jpg?fit=663%2C450&ssl=1\",\"datePublished\":\"2018-08-09T13:06:57+00:00\",\"dateModified\":\"2018-08-09T13:08:50+00:00\",\"description\":\"La gallerie Antenna Dakar : Tr\u00e8s beau choix d'objets africains, sculptures principalement mais \u00e9galement peintures et objets divers. Le Patron est disponible et sympathique\",\"breadcrumb\":{\"@id\":\"https:\\\/\\\/senegalndiaye.com\\\/listings\\\/la-gallerie-antenna-dakar\\\/#breadcrumb\"},\"inLanguage\":\"tr\",\"potentialAction\":[{\"@type\":\"ReadAction\",\"target\":[\"https:\\\/\\\/senegalndiaye.com\\\/listings\\\/la-gallerie-antenna-dakar\\\/\"]}]},{\"@type\":\"ImageObject\",\"inLanguage\":\"tr\",\"@id\":\"https:\\\/\\\/senegalndiaye.com\\\/listings\\\/la-gallerie-antenna-dakar\\\/#primaryimage\",\"url\":\"https:\\\/\\\/i0.wp.com\\\/senegalndiaye.com\\\/wp-content\\\/uploads\\\/2018\\\/08\\\/antenna2.jpg?fit=663%2C450&ssl=1\",\"contentUrl\":\"https:\\\/\\\/i0.wp.com\\\/senegalndiaye.com\\\/wp-content\\\/uploads\\\/2018\\\/08\\\/antenna2.jpg?fit=663%2C450&ssl=1\",\"width\":663,\"height\":450,\"caption\":\"Gallerie Antenna\"},{\"@type\":\"BreadcrumbList\",\"@id\":\"https:\\\/\\\/senegalndiaye.com\\\/listings\\\/la-gallerie-antenna-dakar\\\/#breadcrumb\",\"itemListElement\":[{\"@type\":\"ListItem\",\"position\":1,\"name\":\"Accueil\",\"item\":\"https:\\\/\\\/senegalndiaye.com\\\/\"},{\"@type\":\"ListItem\",\"position\":2,\"name\":\"Lieux\",\"item\":\"https:\\\/\\\/senegalndiaye.com\\\/tous-les-lieux\\\/\"},{\"@type\":\"ListItem\",\"position\":3,\"name\":\"La gallerie Antenna Dakar\"}]},{\"@type\":\"WebSite\",\"@id\":\"https:\\\/\\\/senegalndiaye.com\\\/#website\",\"url\":\"https:\\\/\\\/senegalndiaye.com\\\/\",\"name\":\"Senegal Ndiaye\",\"description\":\"Retrouvez les meilleurs endroits du S\u00e9n\u00e9gal\",\"publisher\":{\"@id\":\"https:\\\/\\\/senegalndiaye.com\\\/#organization\"},\"potentialAction\":[{\"@type\":\"SearchAction\",\"target\":{\"@type\":\"EntryPoint\",\"urlTemplate\":\"https:\\\/\\\/senegalndiaye.com\\\/?s={search_term_string}\"},\"query-input\":{\"@type\":\"PropertyValueSpecification\",\"valueRequired\":true,\"valueName\":\"search_term_string\"}}],\"inLanguage\":\"tr\"},{\"@type\":\"Organization\",\"@id\":\"https:\\\/\\\/senegalndiaye.com\\\/#organization\",\"name\":\"Senegal Ndiaye\",\"url\":\"https:\\\/\\\/senegalndiaye.com\\\/\",\"logo\":{\"@type\":\"ImageObject\",\"inLanguage\":\"tr\",\"@id\":\"https:\\\/\\\/senegalndiaye.com\\\/#\\\/schema\\\/logo\\\/image\\\/\",\"url\":\"https:\\\/\\\/senegalndiaye.com\\\/wp-content\\\/uploads\\\/2018\\\/05\\\/senegalndiaye_logo.png\",\"contentUrl\":\"https:\\\/\\\/senegalndiaye.com\\\/wp-content\\\/uploads\\\/2018\\\/05\\\/senegalndiaye_logo.png\",\"width\":150,\"height\":106,\"caption\":\"Senegal Ndiaye\"},\"image\":{\"@id\":\"https:\\\/\\\/senegalndiaye.com\\\/#\\\/schema\\\/logo\\\/image\\\/\"},\"sameAs\":[\"https:\\\/\\\/www.facebook.com\\\/senegalndiaye4\\\/\",\"https:\\\/\\\/x.com\\\/Senegalndiaye5\",\"https:\\\/\\\/www.instagram.com\\\/senegalndiaye1\\\/\",\"https:\\\/\\\/www.linkedin.com\\\/company\\\/senegal-ndiaye\\\/\"]}]}<\/script>\n<!-- \/ Yoast SEO plugin. -->","yoast_head_json":{"title":"Anten Dakar galerisi \u00bb Senegal Ndiaye","description":"Anten Dakar galerisi: Ba\u015fta heykeller olmak \u00fczere, ayn\u0131 zamanda tablolar ve \u00e7e\u015fitli nesneler olmak \u00fczere Afrika nesnelerinin \u00e7ok g\u00fczel bir se\u00e7imi. Patron m\u00fcsait ve arkada\u015f canl\u0131s\u0131","robots":{"index":"index","follow":"follow","max-snippet":"max-snippet:-1","max-image-preview":"max-image-preview:large","max-video-preview":"max-video-preview:-1"},"canonical":"https:\/\/senegalndiaye.com\/tr\/listings\/la-gallerie-antenna-dakar\/","og_locale":"tr_TR","og_type":"article","og_title":"La gallerie Antenna Dakar &#187; Senegal Ndiaye","og_description":"La gallerie Antenna Dakar : Tr\u00e8s beau choix d'objets africains, sculptures principalement mais \u00e9galement peintures et objets divers. Le Patron est disponible et sympathique","og_url":"https:\/\/senegalndiaye.com\/tr\/listings\/la-gallerie-antenna-dakar\/","og_site_name":"Senegal Ndiaye","article_publisher":"https:\/\/www.facebook.com\/senegalndiaye4\/","article_modified_time":"2018-08-09T13:08:50+00:00","og_image":[{"width":663,"height":450,"url":"https:\/\/senegalndiaye.com\/wp-content\/uploads\/2018\/08\/antenna2.jpg","type":"image\/jpeg"}],"twitter_card":"summary_large_image","twitter_site":"@Senegalndiaye5","twitter_misc":{"Tahmini okuma s\u00fcresi":"1 dakika"},"schema":{"@context":"https:\/\/schema.org","@graph":[{"@type":"WebPage","@id":"https:\/\/senegalndiaye.com\/listings\/la-gallerie-antenna-dakar\/","url":"https:\/\/senegalndiaye.com\/listings\/la-gallerie-antenna-dakar\/","name":"Anten Dakar galerisi \u00bb Senegal Ndiaye","isPartOf":{"@id":"https:\/\/senegalndiaye.com\/#website"},"primaryImageOfPage":{"@id":"https:\/\/senegalndiaye.com\/listings\/la-gallerie-antenna-dakar\/#primaryimage"},"image":{"@id":"https:\/\/senegalndiaye.com\/listings\/la-gallerie-antenna-dakar\/#primaryimage"},"thumbnailUrl":"https:\/\/i0.wp.com\/senegalndiaye.com\/wp-content\/uploads\/2018\/08\/antenna2.jpg?fit=663%2C450&ssl=1","datePublished":"2018-08-09T13:06:57+00:00","dateModified":"2018-08-09T13:08:50+00:00","description":"Anten Dakar galerisi: Ba\u015fta heykeller olmak \u00fczere, ayn\u0131 zamanda tablolar ve \u00e7e\u015fitli nesneler olmak \u00fczere Afrika nesnelerinin \u00e7ok g\u00fczel bir se\u00e7imi. Patron m\u00fcsait ve arkada\u015f canl\u0131s\u0131","breadcrumb":{"@id":"https:\/\/senegalndiaye.com\/listings\/la-gallerie-antenna-dakar\/#breadcrumb"},"inLanguage":"tr","potentialAction":[{"@type":"ReadAction","target":["https:\/\/senegalndiaye.com\/listings\/la-gallerie-antenna-dakar\/"]}]},{"@type":"ImageObject","inLanguage":"tr","@id":"https:\/\/senegalndiaye.com\/listings\/la-gallerie-antenna-dakar\/#primaryimage","url":"https:\/\/i0.wp.com\/senegalndiaye.com\/wp-content\/uploads\/2018\/08\/antenna2.jpg?fit=663%2C450&ssl=1","contentUrl":"https:\/\/i0.wp.com\/senegalndiaye.com\/wp-content\/uploads\/2018\/08\/antenna2.jpg?fit=663%2C450&ssl=1","width":663,"height":450,"caption":"Gallerie Antenna"},{"@type":"BreadcrumbList","@id":"https:\/\/senegalndiaye.com\/listings\/la-gallerie-antenna-dakar\/#breadcrumb","itemListElement":[{"@type":"ListItem","position":1,"name":"Accueil","item":"https:\/\/senegalndiaye.com\/"},{"@type":"ListItem","position":2,"name":"Lieux","item":"https:\/\/senegalndiaye.com\/tous-les-lieux\/"},{"@type":"ListItem","position":3,"name":"La gallerie Antenna Dakar"}]},{"@type":"WebSite","@id":"https:\/\/senegalndiaye.com\/#website","url":"https:\/\/senegalndiaye.com\/","name":"Senegal Ndiaye","description":"Senegal&#039;deki en iyi yerleri bulun","publisher":{"@id":"https:\/\/senegalndiaye.com\/#organization"},"potentialAction":[{"@type":"SearchAction","target":{"@type":"EntryPoint","urlTemplate":"https:\/\/senegalndiaye.com\/?s={search_term_string}"},"query-input":{"@type":"PropertyValueSpecification","valueRequired":true,"valueName":"search_term_string"}}],"inLanguage":"tr"},{"@type":"Organization","@id":"https:\/\/senegalndiaye.com\/#organization","name":"Senegal Ndiaye","url":"https:\/\/senegalndiaye.com\/","logo":{"@type":"ImageObject","inLanguage":"tr","@id":"https:\/\/senegalndiaye.com\/#\/schema\/logo\/image\/","url":"https:\/\/senegalndiaye.com\/wp-content\/uploads\/2018\/05\/senegalndiaye_logo.png","contentUrl":"https:\/\/senegalndiaye.com\/wp-content\/uploads\/2018\/05\/senegalndiaye_logo.png","width":150,"height":106,"caption":"Senegal Ndiaye"},"image":{"@id":"https:\/\/senegalndiaye.com\/#\/schema\/logo\/image\/"},"sameAs":["https:\/\/www.facebook.com\/senegalndiaye4\/","https:\/\/x.com\/Senegalndiaye5","https:\/\/www.instagram.com\/senegalndiaye1\/","https:\/\/www.linkedin.com\/company\/senegal-ndiaye\/"]}]}},"jetpack_sharing_enabled":true,"_links":{"self":[{"href":"https:\/\/senegalndiaye.com\/tr\/wp-json\/wp\/v2\/job-listings\/20348","targetHints":{"allow":["GET"]}}],"collection":[{"href":"https:\/\/senegalndiaye.com\/tr\/wp-json\/wp\/v2\/job-listings"}],"about":[{"href":"https:\/\/senegalndiaye.com\/tr\/wp-json\/wp\/v2\/types\/job_listing"}],"replies":[{"embeddable":true,"href":"https:\/\/senegalndiaye.com\/tr\/wp-json\/wp\/v2\/comments?post=20348"}],"wp:featuredmedia":[{"embeddable":true,"href":"https:\/\/senegalndiaye.com\/tr\/wp-json\/wp\/v2\/media\/20350"}],"wp:attachment":[{"href":"https:\/\/senegalndiaye.com\/tr\/wp-json\/wp\/v2\/media?parent=20348"}],"wp:term":[{"taxonomy":"job_listing_category","embeddable":true,"href":"https:\/\/senegalndiaye.com\/tr\/wp-json\/wp\/v2\/job-categories?post=20348"},{"taxonomy":"job_listing_tag","embeddable":true,"href":"https:\/\/senegalndiaye.com\/tr\/wp-json\/wp\/v2\/job_listing_tag?post=20348"}],"curies":[{"name":"wp","href":"https:\/\/api.w.org\/{rel}","templated":true}]}}