{"id":19735,"date":"2018-06-04T14:54:34","date_gmt":"2018-06-04T14:54:34","guid":{"rendered":"https:\/\/senegalndiaye.com\/?post_type=job_listing&#038;p=19735"},"modified":"2018-06-04T14:54:34","modified_gmt":"2018-06-04T14:54:34","slug":"musee-theodore-monod-dart-africain","status":"publish","type":"job_listing","link":"https:\/\/senegalndiaye.com\/tr\/listings\/musee-theodore-monod-dart-africain\/","title":{"rendered":"Theodore Monod Afrika Sanat\u0131 M\u00fczesi"},"content":{"rendered":"<p>Uzun zamand\u0131r Dakar M\u00fczesi veya IFAN M\u00fczesi olarak adland\u0131r\u0131lan Th\u00e9odore Monod Afrika Sanat\u0131 M\u00fczesi, 1931&#039;de in\u015fa edildi ve Cheikh-Anta-Diop \u00dcniversitesi b\u00fcnyesindeki Kara Afrika Temel Enstit\u00fcs\u00fc&#039;n\u00fcn bir par\u00e7as\u0131. Dakar&#039;\u0131n en \u015f\u0131k b\u00f6lgelerinden biri olan Rue Emile Zola platosunda yer al\u0131r ve Soweto Meydan\u0131&#039;na bakar ve Ulusal Meclis, Dakar Katedrali ve Ana Hastane ile \u00e7evrilidir. Muhte\u015fem neo-Sudan ve kolonyal tarzda mimariye sahip iki ana bina, at\u00f6lyeler ve st\u00fcdyolar i\u00e7erir. Pazartesi hari\u00e7 her g\u00fcn sabah 9&#039;dan ak\u015fam 4&#039;e kadar a\u00e7\u0131k olan m\u00fcze, k\u00fclt\u00fcrel sergiler ve yerli veya yabanc\u0131 \u00e7a\u011fda\u015f Afrika sanat\u0131 sunar ve yakla\u015f\u0131k 300&#039;\u00fc halka kal\u0131c\u0131 olarak sergilenen yakla\u015f\u0131k 9.000 nesneye sahiptir. M\u00fcze, eski k\u0131tan\u0131n k\u00fclt\u00fcrel \u00e7e\u015fitlili\u011finin zenginli\u011fini d\u00fcnyan\u0131n geri kalan\u0131na g\u00f6zler \u00f6n\u00fcne seriyor ve tarih ve k\u00fclt\u00fcr\u00fc, gen\u00e7lerin ge\u00e7mi\u015flerine ve dolay\u0131s\u0131yla kolektif haf\u0131zalar\u0131na kar\u015f\u0131 kimliklerini ve gururlar\u0131n\u0131 \u015fekillendirmenin bir arac\u0131 olarak kullan\u0131yor. Ayn\u0131 zamanda sanat\u00e7\u0131lar\u0131n ilham ve ifadelerine dan\u0131\u015fmak i\u00e7in bir \u00e7er\u00e7eve olu\u015fturur.<\/p>","protected":false},"featured_media":19802,"comment_status":"open","ping_status":"closed","template":"","meta":{"_promoted":"","_job_location":"universit\u00e9 Cheikh-Anta-Diop","_company_website":"","_company_tagline":"","_company_twitter":"","_filled":0,"_featured":0,"_remote_position":0,"_job_salary":"","_job_salary_currency":"","_job_salary_unit":""},"job-categories":[31],"job_listing_tag":[],"class_list":["post-19735","job_listing","type-job_listing","status-publish","has-post-thumbnail","hentry","job_listing_category-arts-culture"],"yoast_head":"<!-- This site is optimized with the Yoast SEO plugin v27.5 - https:\/\/yoast.com\/product\/yoast-seo-wordpress\/ -->\n<title>Mus\u00e9e Th\u00e9odore Monod d&#039;art Africain &#187; Senegal Ndiaye<\/title>\n<meta name=\"description\" content=\"Le mus\u00e9e Th\u00e9odore Monod d\u2019Art africain longtemps appel\u00e9 mus\u00e9e de Dakar ou mus\u00e9e de l&#039;IFAN est b\u00e2tit en 1931 et fait partie de l\u2019Institut fondamental d&#039;Afrique noire, au sein de l&#039;universit\u00e9 Cheikh-Anta-Diop\" \/>\n<meta name=\"robots\" content=\"index, follow, max-snippet:-1, max-image-preview:large, max-video-preview:-1\" \/>\n<link rel=\"canonical\" href=\"https:\/\/senegalndiaye.com\/tr\/listings\/musee-theodore-monod-dart-africain\/\" \/>\n<meta property=\"og:locale\" content=\"tr_TR\" \/>\n<meta property=\"og:type\" content=\"article\" \/>\n<meta property=\"og:title\" content=\"Mus\u00e9e Th\u00e9odore Monod d&#039;art Africain &#187; Senegal Ndiaye\" \/>\n<meta property=\"og:description\" content=\"Le mus\u00e9e Th\u00e9odore Monod d\u2019Art africain longtemps appel\u00e9 mus\u00e9e de Dakar ou mus\u00e9e de l&#039;IFAN est b\u00e2tit en 1931 et fait partie de l\u2019Institut fondamental d&#039;Afrique noire, au sein de l&#039;universit\u00e9 Cheikh-Anta-Diop\" \/>\n<meta property=\"og:url\" content=\"https:\/\/senegalndiaye.com\/tr\/listings\/musee-theodore-monod-dart-africain\/\" \/>\n<meta property=\"og:site_name\" content=\"Senegal Ndiaye\" \/>\n<meta property=\"article:publisher\" content=\"https:\/\/www.facebook.com\/senegalndiaye4\/\" \/>\n<meta property=\"og:image\" content=\"https:\/\/senegalndiaye.com\/wp-content\/uploads\/2018\/05\/ifan.jpg\" \/>\n\t<meta property=\"og:image:width\" content=\"640\" \/>\n\t<meta property=\"og:image:height\" content=\"351\" \/>\n\t<meta property=\"og:image:type\" content=\"image\/jpeg\" \/>\n<meta name=\"twitter:card\" content=\"summary_large_image\" \/>\n<meta name=\"twitter:site\" content=\"@Senegalndiaye5\" \/>\n<meta name=\"twitter:label1\" content=\"Tahmini okuma s\u00fcresi\" \/>\n\t<meta name=\"twitter:data1\" content=\"1 dakika\" \/>\n<script type=\"application\/ld+json\" class=\"yoast-schema-graph\">{\"@context\":\"https:\\\/\\\/schema.org\",\"@graph\":[{\"@type\":\"WebPage\",\"@id\":\"https:\\\/\\\/senegalndiaye.com\\\/listings\\\/musee-theodore-monod-dart-africain\\\/\",\"url\":\"https:\\\/\\\/senegalndiaye.com\\\/listings\\\/musee-theodore-monod-dart-africain\\\/\",\"name\":\"Mus\u00e9e Th\u00e9odore Monod d'art Africain &#187; Senegal Ndiaye\",\"isPartOf\":{\"@id\":\"https:\\\/\\\/senegalndiaye.com\\\/#website\"},\"primaryImageOfPage\":{\"@id\":\"https:\\\/\\\/senegalndiaye.com\\\/listings\\\/musee-theodore-monod-dart-africain\\\/#primaryimage\"},\"image\":{\"@id\":\"https:\\\/\\\/senegalndiaye.com\\\/listings\\\/musee-theodore-monod-dart-africain\\\/#primaryimage\"},\"thumbnailUrl\":\"https:\\\/\\\/i0.wp.com\\\/senegalndiaye.com\\\/wp-content\\\/uploads\\\/2018\\\/05\\\/ifan.jpg?fit=640%2C351&ssl=1\",\"datePublished\":\"2018-06-04T14:54:34+00:00\",\"description\":\"Le mus\u00e9e Th\u00e9odore Monod d\u2019Art africain longtemps appel\u00e9 mus\u00e9e de Dakar ou mus\u00e9e de l'IFAN est b\u00e2tit en 1931 et fait partie de l\u2019Institut fondamental d'Afrique noire, au sein de l'universit\u00e9 Cheikh-Anta-Diop\",\"breadcrumb\":{\"@id\":\"https:\\\/\\\/senegalndiaye.com\\\/listings\\\/musee-theodore-monod-dart-africain\\\/#breadcrumb\"},\"inLanguage\":\"tr\",\"potentialAction\":[{\"@type\":\"ReadAction\",\"target\":[\"https:\\\/\\\/senegalndiaye.com\\\/listings\\\/musee-theodore-monod-dart-africain\\\/\"]}]},{\"@type\":\"ImageObject\",\"inLanguage\":\"tr\",\"@id\":\"https:\\\/\\\/senegalndiaye.com\\\/listings\\\/musee-theodore-monod-dart-africain\\\/#primaryimage\",\"url\":\"https:\\\/\\\/i0.wp.com\\\/senegalndiaye.com\\\/wp-content\\\/uploads\\\/2018\\\/05\\\/ifan.jpg?fit=640%2C351&ssl=1\",\"contentUrl\":\"https:\\\/\\\/i0.wp.com\\\/senegalndiaye.com\\\/wp-content\\\/uploads\\\/2018\\\/05\\\/ifan.jpg?fit=640%2C351&ssl=1\",\"width\":640,\"height\":351,\"caption\":\"Mus\u00e9e Th\u00e9odore Monod d'art Africain\"},{\"@type\":\"BreadcrumbList\",\"@id\":\"https:\\\/\\\/senegalndiaye.com\\\/listings\\\/musee-theodore-monod-dart-africain\\\/#breadcrumb\",\"itemListElement\":[{\"@type\":\"ListItem\",\"position\":1,\"name\":\"Accueil\",\"item\":\"https:\\\/\\\/senegalndiaye.com\\\/\"},{\"@type\":\"ListItem\",\"position\":2,\"name\":\"Lieux\",\"item\":\"https:\\\/\\\/senegalndiaye.com\\\/tous-les-lieux\\\/\"},{\"@type\":\"ListItem\",\"position\":3,\"name\":\"Mus\u00e9e Th\u00e9odore Monod d&rsquo;art Africain\"}]},{\"@type\":\"WebSite\",\"@id\":\"https:\\\/\\\/senegalndiaye.com\\\/#website\",\"url\":\"https:\\\/\\\/senegalndiaye.com\\\/\",\"name\":\"Senegal Ndiaye\",\"description\":\"Retrouvez les meilleurs endroits du S\u00e9n\u00e9gal\",\"publisher\":{\"@id\":\"https:\\\/\\\/senegalndiaye.com\\\/#organization\"},\"potentialAction\":[{\"@type\":\"SearchAction\",\"target\":{\"@type\":\"EntryPoint\",\"urlTemplate\":\"https:\\\/\\\/senegalndiaye.com\\\/?s={search_term_string}\"},\"query-input\":{\"@type\":\"PropertyValueSpecification\",\"valueRequired\":true,\"valueName\":\"search_term_string\"}}],\"inLanguage\":\"tr\"},{\"@type\":\"Organization\",\"@id\":\"https:\\\/\\\/senegalndiaye.com\\\/#organization\",\"name\":\"Senegal Ndiaye\",\"url\":\"https:\\\/\\\/senegalndiaye.com\\\/\",\"logo\":{\"@type\":\"ImageObject\",\"inLanguage\":\"tr\",\"@id\":\"https:\\\/\\\/senegalndiaye.com\\\/#\\\/schema\\\/logo\\\/image\\\/\",\"url\":\"https:\\\/\\\/senegalndiaye.com\\\/wp-content\\\/uploads\\\/2018\\\/05\\\/senegalndiaye_logo.png\",\"contentUrl\":\"https:\\\/\\\/senegalndiaye.com\\\/wp-content\\\/uploads\\\/2018\\\/05\\\/senegalndiaye_logo.png\",\"width\":150,\"height\":106,\"caption\":\"Senegal Ndiaye\"},\"image\":{\"@id\":\"https:\\\/\\\/senegalndiaye.com\\\/#\\\/schema\\\/logo\\\/image\\\/\"},\"sameAs\":[\"https:\\\/\\\/www.facebook.com\\\/senegalndiaye4\\\/\",\"https:\\\/\\\/x.com\\\/Senegalndiaye5\",\"https:\\\/\\\/www.instagram.com\\\/senegalndiaye1\\\/\",\"https:\\\/\\\/www.linkedin.com\\\/company\\\/senegal-ndiaye\\\/\"]}]}<\/script>\n<!-- \/ Yoast SEO plugin. -->","yoast_head_json":{"title":"Th\u00e9odore Monod Afrika Sanat\u0131 M\u00fczesi \u00bb Senegal Ndiaye","description":"Uzun zamand\u0131r Dakar M\u00fczesi veya IFAN M\u00fczesi olarak adland\u0131r\u0131lan Th\u00e9odore Monod Afrika Sanat\u0131 M\u00fczesi, 1931&#039;de in\u015fa edildi ve Cheikh-Anta-Diop \u00dcniversitesi b\u00fcnyesindeki Kara Afrika Temel Enstit\u00fcs\u00fc&#039;n\u00fcn bir par\u00e7as\u0131.","robots":{"index":"index","follow":"follow","max-snippet":"max-snippet:-1","max-image-preview":"max-image-preview:large","max-video-preview":"max-video-preview:-1"},"canonical":"https:\/\/senegalndiaye.com\/tr\/listings\/musee-theodore-monod-dart-africain\/","og_locale":"tr_TR","og_type":"article","og_title":"Mus\u00e9e Th\u00e9odore Monod d'art Africain &#187; Senegal Ndiaye","og_description":"Le mus\u00e9e Th\u00e9odore Monod d\u2019Art africain longtemps appel\u00e9 mus\u00e9e de Dakar ou mus\u00e9e de l'IFAN est b\u00e2tit en 1931 et fait partie de l\u2019Institut fondamental d'Afrique noire, au sein de l'universit\u00e9 Cheikh-Anta-Diop","og_url":"https:\/\/senegalndiaye.com\/tr\/listings\/musee-theodore-monod-dart-africain\/","og_site_name":"Senegal Ndiaye","article_publisher":"https:\/\/www.facebook.com\/senegalndiaye4\/","og_image":[{"width":640,"height":351,"url":"https:\/\/senegalndiaye.com\/wp-content\/uploads\/2018\/05\/ifan.jpg","type":"image\/jpeg"}],"twitter_card":"summary_large_image","twitter_site":"@Senegalndiaye5","twitter_misc":{"Tahmini okuma s\u00fcresi":"1 dakika"},"schema":{"@context":"https:\/\/schema.org","@graph":[{"@type":"WebPage","@id":"https:\/\/senegalndiaye.com\/listings\/musee-theodore-monod-dart-africain\/","url":"https:\/\/senegalndiaye.com\/listings\/musee-theodore-monod-dart-africain\/","name":"Th\u00e9odore Monod Afrika Sanat\u0131 M\u00fczesi \u00bb Senegal Ndiaye","isPartOf":{"@id":"https:\/\/senegalndiaye.com\/#website"},"primaryImageOfPage":{"@id":"https:\/\/senegalndiaye.com\/listings\/musee-theodore-monod-dart-africain\/#primaryimage"},"image":{"@id":"https:\/\/senegalndiaye.com\/listings\/musee-theodore-monod-dart-africain\/#primaryimage"},"thumbnailUrl":"https:\/\/i0.wp.com\/senegalndiaye.com\/wp-content\/uploads\/2018\/05\/ifan.jpg?fit=640%2C351&ssl=1","datePublished":"2018-06-04T14:54:34+00:00","description":"Uzun zamand\u0131r Dakar M\u00fczesi veya IFAN M\u00fczesi olarak adland\u0131r\u0131lan Th\u00e9odore Monod Afrika Sanat\u0131 M\u00fczesi, 1931&#039;de in\u015fa edildi ve Cheikh-Anta-Diop \u00dcniversitesi b\u00fcnyesindeki Kara Afrika Temel Enstit\u00fcs\u00fc&#039;n\u00fcn bir par\u00e7as\u0131.","breadcrumb":{"@id":"https:\/\/senegalndiaye.com\/listings\/musee-theodore-monod-dart-africain\/#breadcrumb"},"inLanguage":"tr","potentialAction":[{"@type":"ReadAction","target":["https:\/\/senegalndiaye.com\/listings\/musee-theodore-monod-dart-africain\/"]}]},{"@type":"ImageObject","inLanguage":"tr","@id":"https:\/\/senegalndiaye.com\/listings\/musee-theodore-monod-dart-africain\/#primaryimage","url":"https:\/\/i0.wp.com\/senegalndiaye.com\/wp-content\/uploads\/2018\/05\/ifan.jpg?fit=640%2C351&ssl=1","contentUrl":"https:\/\/i0.wp.com\/senegalndiaye.com\/wp-content\/uploads\/2018\/05\/ifan.jpg?fit=640%2C351&ssl=1","width":640,"height":351,"caption":"Mus\u00e9e Th\u00e9odore Monod d'art Africain"},{"@type":"BreadcrumbList","@id":"https:\/\/senegalndiaye.com\/listings\/musee-theodore-monod-dart-africain\/#breadcrumb","itemListElement":[{"@type":"ListItem","position":1,"name":"Accueil","item":"https:\/\/senegalndiaye.com\/"},{"@type":"ListItem","position":2,"name":"Lieux","item":"https:\/\/senegalndiaye.com\/tous-les-lieux\/"},{"@type":"ListItem","position":3,"name":"Mus\u00e9e Th\u00e9odore Monod d&rsquo;art Africain"}]},{"@type":"WebSite","@id":"https:\/\/senegalndiaye.com\/#website","url":"https:\/\/senegalndiaye.com\/","name":"Senegal Ndiaye","description":"Senegal&#039;deki en iyi yerleri bulun","publisher":{"@id":"https:\/\/senegalndiaye.com\/#organization"},"potentialAction":[{"@type":"SearchAction","target":{"@type":"EntryPoint","urlTemplate":"https:\/\/senegalndiaye.com\/?s={search_term_string}"},"query-input":{"@type":"PropertyValueSpecification","valueRequired":true,"valueName":"search_term_string"}}],"inLanguage":"tr"},{"@type":"Organization","@id":"https:\/\/senegalndiaye.com\/#organization","name":"Senegal Ndiaye","url":"https:\/\/senegalndiaye.com\/","logo":{"@type":"ImageObject","inLanguage":"tr","@id":"https:\/\/senegalndiaye.com\/#\/schema\/logo\/image\/","url":"https:\/\/senegalndiaye.com\/wp-content\/uploads\/2018\/05\/senegalndiaye_logo.png","contentUrl":"https:\/\/senegalndiaye.com\/wp-content\/uploads\/2018\/05\/senegalndiaye_logo.png","width":150,"height":106,"caption":"Senegal Ndiaye"},"image":{"@id":"https:\/\/senegalndiaye.com\/#\/schema\/logo\/image\/"},"sameAs":["https:\/\/www.facebook.com\/senegalndiaye4\/","https:\/\/x.com\/Senegalndiaye5","https:\/\/www.instagram.com\/senegalndiaye1\/","https:\/\/www.linkedin.com\/company\/senegal-ndiaye\/"]}]}},"jetpack_sharing_enabled":true,"_links":{"self":[{"href":"https:\/\/senegalndiaye.com\/tr\/wp-json\/wp\/v2\/job-listings\/19735","targetHints":{"allow":["GET"]}}],"collection":[{"href":"https:\/\/senegalndiaye.com\/tr\/wp-json\/wp\/v2\/job-listings"}],"about":[{"href":"https:\/\/senegalndiaye.com\/tr\/wp-json\/wp\/v2\/types\/job_listing"}],"replies":[{"embeddable":true,"href":"https:\/\/senegalndiaye.com\/tr\/wp-json\/wp\/v2\/comments?post=19735"}],"wp:featuredmedia":[{"embeddable":true,"href":"https:\/\/senegalndiaye.com\/tr\/wp-json\/wp\/v2\/media\/19802"}],"wp:attachment":[{"href":"https:\/\/senegalndiaye.com\/tr\/wp-json\/wp\/v2\/media?parent=19735"}],"wp:term":[{"taxonomy":"job_listing_category","embeddable":true,"href":"https:\/\/senegalndiaye.com\/tr\/wp-json\/wp\/v2\/job-categories?post=19735"},{"taxonomy":"job_listing_tag","embeddable":true,"href":"https:\/\/senegalndiaye.com\/tr\/wp-json\/wp\/v2\/job_listing_tag?post=19735"}],"curies":[{"name":"wp","href":"https:\/\/api.w.org\/{rel}","templated":true}]}}