{"id":19731,"date":"2018-06-04T14:48:13","date_gmt":"2018-06-04T14:48:13","guid":{"rendered":"https:\/\/senegalndiaye.com\/?post_type=job_listing&#038;p=19731"},"modified":"2018-06-04T14:48:13","modified_gmt":"2018-06-04T14:48:13","slug":"la-place-du-souvenir-africain","status":"publish","type":"job_listing","link":"https:\/\/senegalndiaye.com\/tr\/listings\/la-place-du-souvenir-africain\/","title":{"rendered":"Afrika anma yeri"},"content":{"rendered":"<p>Haziran 2009&#039;da a\u00e7\u0131lan ve siyahlar ve diaspora i\u00e7in alma ve verme i\u00e7in bir bulu\u015fma yeri olan Afrika&#039;y\u0131 anma yeri, ileti\u015fimin ve k\u00fclt\u00fcrel, bilimsel ve entelekt\u00fcel al\u0131\u015fveri\u015fin yak\u0131nla\u015fmas\u0131 i\u00e7in bir \u00e7er\u00e7eve oldu\u011fu kadar, ayn\u0131 zamanda b\u00fcy\u00fck tarihi \u015fahsiyetler ve entelekt\u00fceller hakk\u0131nda belgeler i\u00e7in bir \u00e7er\u00e7evedir. siyah d\u00fcnyan\u0131n. Bat\u0131 Korni\u015fi \u00fczerinde, daha do\u011frusu Rue Aim\u00e9 C\u00e9saire&#039;nin k\u00f6\u015fesinde bulunur ve i\u00e7inde siyah halklar\u0131n, onlar\u0131n \u015fehitlerinin, eylemcilerinin ve Afrika onurunun sembollerinin an\u0131s\u0131n\u0131 kapsar. An\u0131tsal bir Afrika haritas\u0131yla biten havzalar\u0131 olan geni\u015f bir kordon denize bakmaktad\u0131r. Kordon, modern binalar, bir oditoryum ve k\u00fct\u00fcphane ile sergi salonlar\u0131n\u0131 bar\u0131nd\u0131ran iki panteon ile \u00e7evrelenmi\u015ftir. Paneller t\u00fcm Afrika ve diaspora kahramanlar\u0131n\u0131 sunar. Her ay Afrika ve diaspora tarihine damgas\u0131n\u0131 vurmu\u015f b\u00fcy\u00fck adamlar\u0131n an\u0131s\u0131na b\u00fcy\u00fck bir anma t\u00f6reni d\u00fczenleniyor. Her ak\u015fam folklor gruplar\u0131, \u015fehir k\u00fclt\u00fcr\u00fc sanat\u00e7\u0131lar\u0131 ile g\u00fczel bir atmosfer var ve sitede bir\u00e7ok etkinlik d\u00fczenleniyor.<\/p>","protected":false},"featured_media":19798,"comment_status":"open","ping_status":"closed","template":"","meta":{"_promoted":"","_job_location":"Corniche Ouest derri\u00e8re le Sea plaza","_company_website":"","_company_tagline":"","_company_twitter":"","_filled":0,"_featured":0,"_remote_position":0,"_job_salary":"","_job_salary_currency":"","_job_salary_unit":""},"job-categories":[31,82],"job_listing_tag":[],"class_list":["post-19731","job_listing","type-job_listing","status-publish","has-post-thumbnail","hentry","job_listing_category-arts-culture","job_listing_category-sports-et-loisirs"],"yoast_head":"<!-- This site is optimized with the Yoast SEO plugin v27.5 - https:\/\/yoast.com\/product\/yoast-seo-wordpress\/ -->\n<title>La place du souvenir Africain &#187; Senegal Ndiaye<\/title>\n<meta name=\"description\" content=\"La place du souvenir Africain : Inaugur\u00e9 en juin 2009 et lieu de rendez-vous du donner et du recevoir du peuple noir et de la diaspora, la place du souvenir africain est un cadre de convergences de communication et d\u2019\u00e9changes culturels\" \/>\n<meta name=\"robots\" content=\"index, follow, max-snippet:-1, max-image-preview:large, max-video-preview:-1\" \/>\n<link rel=\"canonical\" href=\"https:\/\/senegalndiaye.com\/tr\/listings\/la-place-du-souvenir-africain\/\" \/>\n<meta property=\"og:locale\" content=\"tr_TR\" \/>\n<meta property=\"og:type\" content=\"article\" \/>\n<meta property=\"og:title\" content=\"La place du souvenir Africain &#187; Senegal Ndiaye\" \/>\n<meta property=\"og:description\" content=\"La place du souvenir Africain : Inaugur\u00e9 en juin 2009 et lieu de rendez-vous du donner et du recevoir du peuple noir et de la diaspora, la place du souvenir africain est un cadre de convergences de communication et d\u2019\u00e9changes culturels\" \/>\n<meta property=\"og:url\" content=\"https:\/\/senegalndiaye.com\/tr\/listings\/la-place-du-souvenir-africain\/\" \/>\n<meta property=\"og:site_name\" content=\"Senegal Ndiaye\" \/>\n<meta property=\"article:publisher\" content=\"https:\/\/www.facebook.com\/senegalndiaye4\/\" \/>\n<meta property=\"og:image\" content=\"https:\/\/senegalndiaye.com\/wp-content\/uploads\/2018\/05\/place-du-souvenir-dakar.jpg\" \/>\n\t<meta property=\"og:image:width\" content=\"681\" \/>\n\t<meta property=\"og:image:height\" content=\"450\" \/>\n\t<meta property=\"og:image:type\" content=\"image\/jpeg\" \/>\n<meta name=\"twitter:card\" content=\"summary_large_image\" \/>\n<meta name=\"twitter:site\" content=\"@Senegalndiaye5\" \/>\n<meta name=\"twitter:label1\" content=\"Tahmini okuma s\u00fcresi\" \/>\n\t<meta name=\"twitter:data1\" content=\"1 dakika\" \/>\n<script type=\"application\/ld+json\" class=\"yoast-schema-graph\">{\"@context\":\"https:\\\/\\\/schema.org\",\"@graph\":[{\"@type\":\"WebPage\",\"@id\":\"https:\\\/\\\/senegalndiaye.com\\\/listings\\\/la-place-du-souvenir-africain\\\/\",\"url\":\"https:\\\/\\\/senegalndiaye.com\\\/listings\\\/la-place-du-souvenir-africain\\\/\",\"name\":\"La place du souvenir Africain &#187; Senegal Ndiaye\",\"isPartOf\":{\"@id\":\"https:\\\/\\\/senegalndiaye.com\\\/#website\"},\"primaryImageOfPage\":{\"@id\":\"https:\\\/\\\/senegalndiaye.com\\\/listings\\\/la-place-du-souvenir-africain\\\/#primaryimage\"},\"image\":{\"@id\":\"https:\\\/\\\/senegalndiaye.com\\\/listings\\\/la-place-du-souvenir-africain\\\/#primaryimage\"},\"thumbnailUrl\":\"https:\\\/\\\/i0.wp.com\\\/senegalndiaye.com\\\/wp-content\\\/uploads\\\/2018\\\/05\\\/place-du-souvenir-dakar.jpg?fit=681%2C450&ssl=1\",\"datePublished\":\"2018-06-04T14:48:13+00:00\",\"description\":\"La place du souvenir Africain : Inaugur\u00e9 en juin 2009 et lieu de rendez-vous du donner et du recevoir du peuple noir et de la diaspora, la place du souvenir africain est un cadre de convergences de communication et d\u2019\u00e9changes culturels\",\"breadcrumb\":{\"@id\":\"https:\\\/\\\/senegalndiaye.com\\\/listings\\\/la-place-du-souvenir-africain\\\/#breadcrumb\"},\"inLanguage\":\"tr\",\"potentialAction\":[{\"@type\":\"ReadAction\",\"target\":[\"https:\\\/\\\/senegalndiaye.com\\\/listings\\\/la-place-du-souvenir-africain\\\/\"]}]},{\"@type\":\"ImageObject\",\"inLanguage\":\"tr\",\"@id\":\"https:\\\/\\\/senegalndiaye.com\\\/listings\\\/la-place-du-souvenir-africain\\\/#primaryimage\",\"url\":\"https:\\\/\\\/i0.wp.com\\\/senegalndiaye.com\\\/wp-content\\\/uploads\\\/2018\\\/05\\\/place-du-souvenir-dakar.jpg?fit=681%2C450&ssl=1\",\"contentUrl\":\"https:\\\/\\\/i0.wp.com\\\/senegalndiaye.com\\\/wp-content\\\/uploads\\\/2018\\\/05\\\/place-du-souvenir-dakar.jpg?fit=681%2C450&ssl=1\",\"width\":681,\"height\":450,\"caption\":\"place du souvenir africain\"},{\"@type\":\"BreadcrumbList\",\"@id\":\"https:\\\/\\\/senegalndiaye.com\\\/listings\\\/la-place-du-souvenir-africain\\\/#breadcrumb\",\"itemListElement\":[{\"@type\":\"ListItem\",\"position\":1,\"name\":\"Accueil\",\"item\":\"https:\\\/\\\/senegalndiaye.com\\\/\"},{\"@type\":\"ListItem\",\"position\":2,\"name\":\"Lieux\",\"item\":\"https:\\\/\\\/senegalndiaye.com\\\/tous-les-lieux\\\/\"},{\"@type\":\"ListItem\",\"position\":3,\"name\":\"La place du souvenir Africain\"}]},{\"@type\":\"WebSite\",\"@id\":\"https:\\\/\\\/senegalndiaye.com\\\/#website\",\"url\":\"https:\\\/\\\/senegalndiaye.com\\\/\",\"name\":\"Senegal Ndiaye\",\"description\":\"Retrouvez les meilleurs endroits du S\u00e9n\u00e9gal\",\"publisher\":{\"@id\":\"https:\\\/\\\/senegalndiaye.com\\\/#organization\"},\"potentialAction\":[{\"@type\":\"SearchAction\",\"target\":{\"@type\":\"EntryPoint\",\"urlTemplate\":\"https:\\\/\\\/senegalndiaye.com\\\/?s={search_term_string}\"},\"query-input\":{\"@type\":\"PropertyValueSpecification\",\"valueRequired\":true,\"valueName\":\"search_term_string\"}}],\"inLanguage\":\"tr\"},{\"@type\":\"Organization\",\"@id\":\"https:\\\/\\\/senegalndiaye.com\\\/#organization\",\"name\":\"Senegal Ndiaye\",\"url\":\"https:\\\/\\\/senegalndiaye.com\\\/\",\"logo\":{\"@type\":\"ImageObject\",\"inLanguage\":\"tr\",\"@id\":\"https:\\\/\\\/senegalndiaye.com\\\/#\\\/schema\\\/logo\\\/image\\\/\",\"url\":\"https:\\\/\\\/senegalndiaye.com\\\/wp-content\\\/uploads\\\/2018\\\/05\\\/senegalndiaye_logo.png\",\"contentUrl\":\"https:\\\/\\\/senegalndiaye.com\\\/wp-content\\\/uploads\\\/2018\\\/05\\\/senegalndiaye_logo.png\",\"width\":150,\"height\":106,\"caption\":\"Senegal Ndiaye\"},\"image\":{\"@id\":\"https:\\\/\\\/senegalndiaye.com\\\/#\\\/schema\\\/logo\\\/image\\\/\"},\"sameAs\":[\"https:\\\/\\\/www.facebook.com\\\/senegalndiaye4\\\/\",\"https:\\\/\\\/x.com\\\/Senegalndiaye5\",\"https:\\\/\\\/www.instagram.com\\\/senegalndiaye1\\\/\",\"https:\\\/\\\/www.linkedin.com\\\/company\\\/senegal-ndiaye\\\/\"]}]}<\/script>\n<!-- \/ Yoast SEO plugin. -->","yoast_head_json":{"title":"Afrika&#039;n\u0131n an\u0131ld\u0131\u011f\u0131 yer \u00bb Senegal Ndiaye","description":"Afrika&#039;y\u0131 anma yeri: Haziran 2009&#039;da a\u00e7\u0131ld\u0131 ve siyahlar ile diasporadan alma ve verme i\u00e7in bir bulu\u015fma yeri olan Afrika&#039;y\u0131 anma yeri, ileti\u015fim ve k\u00fclt\u00fcrel al\u0131\u015fveri\u015flerin yak\u0131nla\u015fmas\u0131 i\u00e7in bir \u00e7er\u00e7evedir.","robots":{"index":"index","follow":"follow","max-snippet":"max-snippet:-1","max-image-preview":"max-image-preview:large","max-video-preview":"max-video-preview:-1"},"canonical":"https:\/\/senegalndiaye.com\/tr\/listings\/la-place-du-souvenir-africain\/","og_locale":"tr_TR","og_type":"article","og_title":"La place du souvenir Africain &#187; Senegal Ndiaye","og_description":"La place du souvenir Africain : Inaugur\u00e9 en juin 2009 et lieu de rendez-vous du donner et du recevoir du peuple noir et de la diaspora, la place du souvenir africain est un cadre de convergences de communication et d\u2019\u00e9changes culturels","og_url":"https:\/\/senegalndiaye.com\/tr\/listings\/la-place-du-souvenir-africain\/","og_site_name":"Senegal Ndiaye","article_publisher":"https:\/\/www.facebook.com\/senegalndiaye4\/","og_image":[{"width":681,"height":450,"url":"https:\/\/senegalndiaye.com\/wp-content\/uploads\/2018\/05\/place-du-souvenir-dakar.jpg","type":"image\/jpeg"}],"twitter_card":"summary_large_image","twitter_site":"@Senegalndiaye5","twitter_misc":{"Tahmini okuma s\u00fcresi":"1 dakika"},"schema":{"@context":"https:\/\/schema.org","@graph":[{"@type":"WebPage","@id":"https:\/\/senegalndiaye.com\/listings\/la-place-du-souvenir-africain\/","url":"https:\/\/senegalndiaye.com\/listings\/la-place-du-souvenir-africain\/","name":"Afrika&#039;n\u0131n an\u0131ld\u0131\u011f\u0131 yer \u00bb Senegal Ndiaye","isPartOf":{"@id":"https:\/\/senegalndiaye.com\/#website"},"primaryImageOfPage":{"@id":"https:\/\/senegalndiaye.com\/listings\/la-place-du-souvenir-africain\/#primaryimage"},"image":{"@id":"https:\/\/senegalndiaye.com\/listings\/la-place-du-souvenir-africain\/#primaryimage"},"thumbnailUrl":"https:\/\/i0.wp.com\/senegalndiaye.com\/wp-content\/uploads\/2018\/05\/place-du-souvenir-dakar.jpg?fit=681%2C450&ssl=1","datePublished":"2018-06-04T14:48:13+00:00","description":"Afrika&#039;y\u0131 anma yeri: Haziran 2009&#039;da a\u00e7\u0131ld\u0131 ve siyahlar ile diasporadan alma ve verme i\u00e7in bir bulu\u015fma yeri olan Afrika&#039;y\u0131 anma yeri, ileti\u015fim ve k\u00fclt\u00fcrel al\u0131\u015fveri\u015flerin yak\u0131nla\u015fmas\u0131 i\u00e7in bir \u00e7er\u00e7evedir.","breadcrumb":{"@id":"https:\/\/senegalndiaye.com\/listings\/la-place-du-souvenir-africain\/#breadcrumb"},"inLanguage":"tr","potentialAction":[{"@type":"ReadAction","target":["https:\/\/senegalndiaye.com\/listings\/la-place-du-souvenir-africain\/"]}]},{"@type":"ImageObject","inLanguage":"tr","@id":"https:\/\/senegalndiaye.com\/listings\/la-place-du-souvenir-africain\/#primaryimage","url":"https:\/\/i0.wp.com\/senegalndiaye.com\/wp-content\/uploads\/2018\/05\/place-du-souvenir-dakar.jpg?fit=681%2C450&ssl=1","contentUrl":"https:\/\/i0.wp.com\/senegalndiaye.com\/wp-content\/uploads\/2018\/05\/place-du-souvenir-dakar.jpg?fit=681%2C450&ssl=1","width":681,"height":450,"caption":"place du souvenir africain"},{"@type":"BreadcrumbList","@id":"https:\/\/senegalndiaye.com\/listings\/la-place-du-souvenir-africain\/#breadcrumb","itemListElement":[{"@type":"ListItem","position":1,"name":"Accueil","item":"https:\/\/senegalndiaye.com\/"},{"@type":"ListItem","position":2,"name":"Lieux","item":"https:\/\/senegalndiaye.com\/tous-les-lieux\/"},{"@type":"ListItem","position":3,"name":"La place du souvenir Africain"}]},{"@type":"WebSite","@id":"https:\/\/senegalndiaye.com\/#website","url":"https:\/\/senegalndiaye.com\/","name":"Senegal Ndiaye","description":"Senegal&#039;deki en iyi yerleri bulun","publisher":{"@id":"https:\/\/senegalndiaye.com\/#organization"},"potentialAction":[{"@type":"SearchAction","target":{"@type":"EntryPoint","urlTemplate":"https:\/\/senegalndiaye.com\/?s={search_term_string}"},"query-input":{"@type":"PropertyValueSpecification","valueRequired":true,"valueName":"search_term_string"}}],"inLanguage":"tr"},{"@type":"Organization","@id":"https:\/\/senegalndiaye.com\/#organization","name":"Senegal Ndiaye","url":"https:\/\/senegalndiaye.com\/","logo":{"@type":"ImageObject","inLanguage":"tr","@id":"https:\/\/senegalndiaye.com\/#\/schema\/logo\/image\/","url":"https:\/\/senegalndiaye.com\/wp-content\/uploads\/2018\/05\/senegalndiaye_logo.png","contentUrl":"https:\/\/senegalndiaye.com\/wp-content\/uploads\/2018\/05\/senegalndiaye_logo.png","width":150,"height":106,"caption":"Senegal Ndiaye"},"image":{"@id":"https:\/\/senegalndiaye.com\/#\/schema\/logo\/image\/"},"sameAs":["https:\/\/www.facebook.com\/senegalndiaye4\/","https:\/\/x.com\/Senegalndiaye5","https:\/\/www.instagram.com\/senegalndiaye1\/","https:\/\/www.linkedin.com\/company\/senegal-ndiaye\/"]}]}},"jetpack_sharing_enabled":true,"_links":{"self":[{"href":"https:\/\/senegalndiaye.com\/tr\/wp-json\/wp\/v2\/job-listings\/19731","targetHints":{"allow":["GET"]}}],"collection":[{"href":"https:\/\/senegalndiaye.com\/tr\/wp-json\/wp\/v2\/job-listings"}],"about":[{"href":"https:\/\/senegalndiaye.com\/tr\/wp-json\/wp\/v2\/types\/job_listing"}],"replies":[{"embeddable":true,"href":"https:\/\/senegalndiaye.com\/tr\/wp-json\/wp\/v2\/comments?post=19731"}],"wp:featuredmedia":[{"embeddable":true,"href":"https:\/\/senegalndiaye.com\/tr\/wp-json\/wp\/v2\/media\/19798"}],"wp:attachment":[{"href":"https:\/\/senegalndiaye.com\/tr\/wp-json\/wp\/v2\/media?parent=19731"}],"wp:term":[{"taxonomy":"job_listing_category","embeddable":true,"href":"https:\/\/senegalndiaye.com\/tr\/wp-json\/wp\/v2\/job-categories?post=19731"},{"taxonomy":"job_listing_tag","embeddable":true,"href":"https:\/\/senegalndiaye.com\/tr\/wp-json\/wp\/v2\/job_listing_tag?post=19731"}],"curies":[{"name":"wp","href":"https:\/\/api.w.org\/{rel}","templated":true}]}}